{"id":182,"date":"2023-10-10T10:01:29","date_gmt":"2023-10-10T10:01:29","guid":{"rendered":"https:\/\/ecpac.se\/?page_id=182"},"modified":"2023-10-26T07:59:22","modified_gmt":"2023-10-26T07:59:22","slug":"fibre-based-packaging","status":"publish","type":"page","link":"https:\/\/ecpac.se\/sv\/fibre-based-packaging\/","title":{"rendered":"Fiberbaserade f\u00f6rpackningar"},"content":{"rendered":"<div class=\"wp-block-group alignfull has-global-padding is-layout-constrained wp-block-group-is-layout-constrained\">\n<div class=\"wp-block-cover alignfull preview:min-h-100\" style=\"min-height:60vh;aspect-ratio:unset;\"><span aria-hidden=\"true\" class=\"wp-block-cover__background has-foreground-background-color has-background-dim-80 has-background-dim\"><\/span><img loading=\"lazy\" decoding=\"async\" width=\"1024\" height=\"683\" class=\"wp-block-cover__image-background wp-image-183\" alt=\"\" src=\"https:\/\/ecpac.se\/wp-content\/uploads\/2023\/10\/istockphoto-89147749-1024x1024-1.jpg\" style=\"object-position:45% 48%\" data-object-fit=\"cover\" data-object-position=\"45% 48%\" srcset=\"https:\/\/ecpac.se\/wp-content\/uploads\/2023\/10\/istockphoto-89147749-1024x1024-1.jpg 1024w, https:\/\/ecpac.se\/wp-content\/uploads\/2023\/10\/istockphoto-89147749-1024x1024-1-300x200.jpg 300w, https:\/\/ecpac.se\/wp-content\/uploads\/2023\/10\/istockphoto-89147749-1024x1024-1-768x512.jpg 768w\" sizes=\"auto, (max-width: 1024px) 100vw, 1024px\" \/><div class=\"wp-block-cover__inner-container is-layout-flow wp-block-cover-is-layout-flow\">\n<div class=\"wp-block-group editor:no-inserter has-global-padding is-layout-constrained wp-block-group-is-layout-constrained\">\n<h1 class=\"wp-block-heading has-text-align-center ext-mb-0 ext-mt-0 has-white-color has-text-color has-ext-x-large-font-size\" id=\"about-us\">Fiberbaserade f\u00f6rpackningar<\/h1>\n\n\n\n<p class=\"has-text-align-center ext-mt-base ext-mb-0 has-white-color has-text-color has-medium-font-size wp-block-paragraph\">P\u00e5 dagens marknad beh\u00f6ver f\u00f6rpackningsl\u00f6sningar vara b\u00e5de milj\u00f6medvetna och effektiva. Stig in i framtiden med fiberbaserade f\u00f6rpackningar - ett h\u00e5llbart och \u00e4nd\u00e5 m\u00e5ngsidigt alternativ. Hos oss utnyttjas den fulla potentialen hos material som wellpapp, kartong,  solidpapp och papper f\u00f6r att se till att din produkt n\u00e5r sitt m\u00e5l utan att skada v\u00e5r planet.<\/p>\n<\/div>\n<\/div><\/div>\n<\/div>\n\n\n\n<div class=\"wp-block-group alignfull ext ext-py-lg editor:no-inserter ext-my-0 has-global-padding is-layout-constrained wp-container-core-group-is-layout-8a397a96 wp-block-group-is-layout-constrained\" style=\"padding-top:var(--wp--preset--spacing--60);padding-right:var(--wp--preset--spacing--30);padding-bottom:var(--wp--preset--spacing--60);padding-left:var(--wp--preset--spacing--30)\">\n<div class=\"wp-block-columns alignwide tablet:fullwidth-cols is-layout-flex wp-container-core-columns-is-layout-930feb06 wp-block-columns-is-layout-flex\">\n<div class=\"wp-block-column is-layout-flow wp-block-column-is-layout-flow\" style=\"flex-basis:40%\">\n<h2 class=\"wp-block-heading has-ext-large-font-size\" id=\"a-small-heading\">Olika material f\u00f6r skr\u00e4ddarsydda l\u00f6sningar<\/h2>\n<\/div>\n\n\n\n<div class=\"wp-block-column is-layout-flow wp-block-column-is-layout-flow\" style=\"flex-basis:60%\">\n<h2 class=\"wp-block-heading\" id=\"pellentesque-ornare-sem-lacinia-quam-venenatis-vestibulum-etiam-porta-sem-malesuada-magna-mollis-euismod-fusce-dapibus-tellus-ac-cursus-commod\" style=\"font-size:23px\">Fr\u00e5n robust wellpapp till m\u00e5ngsidig kartong och fuktresistent solidpapp - v\u00e5ra olika material m\u00f6ter varierande produktbehov och s\u00e4kerst\u00e4ller optimalt skydd och genomslagskraftig presentation.<\/h2>\n\n\n\n<div style=\"height:100px\" aria-hidden=\"true\" class=\"wp-block-spacer\"><\/div>\n<\/div>\n<\/div>\n\n\n\n<div class=\"wp-block-columns alignwide tablet:fullwidth-cols is-layout-flex wp-container-core-columns-is-layout-930feb06 wp-block-columns-is-layout-flex\">\n<div class=\"wp-block-column editor:no-inserter is-layout-flow wp-block-column-is-layout-flow\" style=\"flex-basis:40%\"><\/div>\n\n\n\n<div class=\"wp-block-column is-layout-flow wp-block-column-is-layout-flow\" style=\"flex-basis:60%\">\n<div class=\"wp-block-columns is-layout-flex wp-container-core-columns-is-layout-930feb06 wp-block-columns-is-layout-flex\">\n<div class=\"wp-block-column is-layout-flow wp-block-column-is-layout-flow\">\n<h3 class=\"wp-block-heading ext-mt-0 has-ext-medium-font-size\" id=\"a-small-heading-1\" style=\"margin-bottom:var(--wp--preset--spacing--30)\">Wellpapp<\/h3>\n\n\n\n<p class=\"has-ext-small-font-size wp-block-paragraph\">Perfekt f\u00f6r att skydda din produkt under transport, wellpapp \u00e4r b\u00e5de robust och l\u00e4tt.<\/p>\n<\/div>\n\n\n\n<div class=\"wp-block-column is-layout-flow wp-block-column-is-layout-flow\">\n<h3 class=\"wp-block-heading ext-mt-0 has-ext-medium-font-size\" id=\"a-small-heading-1\" style=\"margin-bottom:var(--wp--preset--spacing--30)\">Kartong<\/h3>\n\n\n\n<p class=\"has-ext-small-font-size wp-block-paragraph\">Idealisk f\u00f6r en m\u00e4ngd olika produkter, fr\u00e5n livsmedel till elektronik, och erbjuder m\u00e5ngsidighet i design och struktur.<\/p>\n<\/div>\n\n\n\n<div class=\"wp-block-column is-layout-flow wp-block-column-is-layout-flow\">\n<h3 class=\"wp-block-heading ext-mt-0 has-ext-medium-font-size\" id=\"a-small-heading-1\" style=\"margin-bottom:var(--wp--preset--spacing--30)\">Solidpapp<\/h3>\n\n\n\n<p class=\"has-ext-small-font-size wp-block-paragraph\">N\u00e4r du beh\u00f6ver kompakt, fuktresistent f\u00f6rpackning levererar solid kartong utan att kompromissa med styrkan.<\/p>\n<\/div>\n<\/div>\n<\/div>\n<\/div>\n<\/div>\n\n\n\n<div class=\"wp-block-cover alignfull is-light\" style=\"padding-top:var(--wp--preset--spacing--50);padding-right:var(--wp--preset--spacing--30);padding-bottom:var(--wp--preset--spacing--50);padding-left:var(--wp--preset--spacing--30)\"><span aria-hidden=\"true\" class=\"wp-block-cover__background has-background-background-color has-background-dim-80 has-background-dim\"><\/span><img loading=\"lazy\" decoding=\"async\" width=\"1080\" height=\"720\" class=\"wp-block-cover__image-background wp-image-280\" alt=\"\" src=\"https:\/\/ecpac.se\/wp-content\/uploads\/2023\/10\/IMG_2596.jpg\" data-object-fit=\"cover\" srcset=\"https:\/\/ecpac.se\/wp-content\/uploads\/2023\/10\/IMG_2596.jpg 1080w, https:\/\/ecpac.se\/wp-content\/uploads\/2023\/10\/IMG_2596-300x200.jpg 300w, https:\/\/ecpac.se\/wp-content\/uploads\/2023\/10\/IMG_2596-1024x683.jpg 1024w, https:\/\/ecpac.se\/wp-content\/uploads\/2023\/10\/IMG_2596-768x512.jpg 768w, https:\/\/ecpac.se\/wp-content\/uploads\/2023\/10\/IMG_2596-18x12.jpg 18w\" sizes=\"auto, (max-width: 1080px) 100vw, 1080px\" \/><div class=\"wp-block-cover__inner-container has-global-padding is-layout-constrained wp-container-core-cover-is-layout-acee9a52 wp-block-cover-is-layout-constrained\">\n<h2 class=\"wp-block-heading alignwide has-text-align-left has-foreground-color has-text-color\" style=\"font-size:50px\">F\u00f6rdelen med fiberbaserad f\u00f6rpackningar<\/h2>\n\n\n\n<div class=\"wp-block-group alignwide has-foreground-color has-text-color has-medium-font-size is-layout-flow wp-container-core-group-is-layout-c6b57a85 wp-block-group-is-layout-flow\">\n<h3 class=\"wp-block-heading has-medium-font-size\"><strong>Fiberbaserade f\u00f6rpackningar \u00e4r redan i grunden h\u00e5llbara - ansvarsfullt tillverkade i effektiva fabriker fr\u00e5n material som kommer ifr\u00e5n milj\u00f6certifierade skogar och effektiva insamlings- och \u00e5tervinningssystem.<\/strong><\/h3>\n\n\n\n<p class=\"has-foreground-color has-text-color has-medium-font-size wp-block-paragraph\">100% fr\u00e5n f\u00f6rnyelsebara k\u00e4llor<\/p>\n\n\n\n<h3 class=\"wp-block-heading has-medium-font-size\"><strong>Varje material has sina f\u00f6rdelar och nackdelar. Men att v\u00e4lja fiberbaserade f\u00f6rpackningsl\u00f6sningar minskar ofta din produkts milj\u00f6p\u00e5verkan, d\u00e5 fibrerna kommer fr\u00e5n f\u00f6rnyelsebara k\u00e4llor och kan \u00e5tervinnas.<\/strong><\/h3>\n\n\n\n<p class=\"has-medium-font-size wp-block-paragraph\">100% \u00e5tervinningsbarhet<\/p>\n\n\n\n<p class=\"has-medium-font-size wp-block-paragraph\"><strong>I den cirkul\u00e4ra ekonomin passar fiberbaserade f\u00f6rpackningar v\u00e4l in, d\u00e4r vi i framf\u00f6rallt Sverige och \u00f6vriga Europa har v\u00e4l etablerade system f\u00f6r insamling och \u00e5tervinning.<\/strong> <br>85% \u00e5tervinning<\/p>\n<\/div>\n<\/div><\/div>\n\n\n\n<div class=\"wp-block-group alignfull ext ext-py-lg editor:no-inserter ext-my-0 has-global-padding is-layout-constrained wp-container-core-group-is-layout-fbcfa80f wp-block-group-is-layout-constrained\" style=\"padding-top:var(--wp--preset--spacing--60);padding-right:var(--wp--preset--spacing--30);padding-bottom:var(--wp--preset--spacing--60);padding-left:var(--wp--preset--spacing--30)\">\n<h2 class=\"wp-block-heading alignwide ext-mt-0\" id=\"make-it-stand-out\" style=\"padding-top:0;padding-bottom:var(--wp--preset--spacing--40);font-size:50px\">Kombinera estetik med funktionalitet<\/h2>\n\n\n\n<div class=\"wp-block-columns alignwide tablet:fullwidth-cols is-layout-flex wp-container-core-columns-is-layout-930feb06 wp-block-columns-is-layout-flex\">\n<div class=\"wp-block-column is-layout-flow wp-container-core-column-is-layout-f73ea487 wp-block-column-is-layout-flow\" style=\"padding-top:0;padding-bottom:0\">\n<h3 class=\"wp-block-heading has-medium-font-size\" style=\"margin-bottom:1rem;text-transform:uppercase\">Varum\u00e4rkesresonans<\/h3>\n\n\n\n<p class=\"wp-block-paragraph\">V\u00e5ra fiberbaserade f\u00f6rpackningar \u00e4r utformade f\u00f6r att resonera med ditt varum\u00e4rkes etos, och s\u00e4kerst\u00e4ller en djup koppling till din m\u00e5lgrupp.<\/p>\n<\/div>\n\n\n\n<div class=\"wp-block-column is-layout-flow wp-container-core-column-is-layout-f73ea487 wp-block-column-is-layout-flow\" style=\"padding-top:0;padding-bottom:0\">\n<h3 class=\"wp-block-heading has-medium-font-size\" style=\"margin-bottom:1rem;text-transform:uppercase\">Milj\u00f6medveten design<\/h3>\n\n\n\n<p class=\"wp-block-paragraph\">Uppskattar sk\u00f6nheten i estetik som inte bara f\u00f6rh\u00f6jer den visuella dragnings-kraften utan ocks\u00e5 reflekterar din vilja att bevara milj\u00f6n.<\/p>\n<\/div>\n\n\n\n<div class=\"wp-block-column is-layout-flow wp-container-core-column-is-layout-f73ea487 wp-block-column-is-layout-flow\" style=\"padding-top:0;padding-bottom:0\">\n<h3 class=\"wp-block-heading has-medium-font-size\" style=\"margin-bottom:1rem;text-transform:uppercase\">Anpassningsbar och innovativ<\/h3>\n\n\n\n<p class=\"wp-block-paragraph\">Oavsett utmaningen ser vi till att s\u00e4kerst\u00e4lla att din produkt visas i b\u00e4sta m\u00f6jliga ljus.<\/p>\n<\/div>\n<\/div>\n<\/div>\n\n\n\n<div class=\"wp-block-group alignfull editor:no-inserter has-tertiary-background-color has-background has-global-padding is-layout-constrained wp-container-core-group-is-layout-fbcfa80f wp-block-group-is-layout-constrained\" style=\"padding-top:var(--wp--preset--spacing--60);padding-right:var(--wp--preset--spacing--30);padding-bottom:var(--wp--preset--spacing--60);padding-left:var(--wp--preset--spacing--30)\">\n<div class=\"wp-block-group alignwide ext editor:no-inserter ext-py-lg has-global-padding is-layout-constrained wp-container-core-group-is-layout-6f1cb800 wp-block-group-is-layout-constrained\" style=\"padding-right:0;padding-left:0\">\n<div class=\"wp-block-group alignfull is-layout-flow wp-block-group-is-layout-flow\">\n<p class=\"ext-p-0 ext-mt-0 ext-mb-base has-foreground-color has-text-color wp-block-paragraph\" style=\"font-size:44px\">Tillsammans kan vi fatta milj\u00f6medvetna beslut, som speglar din produkt och ditt varum\u00e4rke<\/p>\n\n\n\n<p class=\"ext-p-0 ext-mt-0 ext-mb-base has-foreground-color has-text-color wp-block-paragraph\" style=\"font-size:21px\">N\u00e4r det g\u00e4ller att hitta r\u00e4tt balans mellan h\u00e5llbarhet och effektivitet \u00e4r fiberbaserade f\u00f6rpackningar ofta svaret. Med oss v\u00e4ljer du inte bara en f\u00f6rpackningsleverant\u00f6r, du samarbetar med en engagerad f\u00f6rpackningsr\u00e5dgivare som st\u00f6ttar dig p\u00e5 v\u00e4gen mot en h\u00e5llbar framtid. <\/p>\n<\/div>\n\n\n\n<div class=\"wp-block-buttons alignwide ext-mb-0 is-layout-flex wp-block-buttons-is-layout-flex\">\n<div class=\"wp-block-button is-style-fill ext-mb-0\"><a class=\"wp-block-button__link has-background-color has-primary-background-color has-text-color has-background wp-element-button\">Kontakta oss<\/a><\/div>\n<\/div>\n<\/div>\n<\/div>","protected":false},"excerpt":{"rendered":"<p>Diverse Materials for Tailored Solutions From robust corrugated boards to versatile cardboard and moisture-resistant solid boards, our diverse materials cater to varied product needs, ensuring optimal protection and presentation. Corrugated Board Perfect for protecting your product during transit, corrugated board is both robust and lightweight. Cardboard Ideal for a wide array of products, from foods [&hellip;]<\/p>","protected":false},"author":1,"featured_media":0,"parent":0,"menu_order":0,"comment_status":"closed","ping_status":"closed","template":"","meta":{"inline_featured_image":false,"made_with_extendify_launch":false,"footnotes":""},"class_list":["post-182","page","type-page","status-publish","hentry"],"yoast_head":"<!-- This site is optimized with the Yoast SEO plugin v22.0 - https:\/\/yoast.com\/wordpress\/plugins\/seo\/ -->\n<title>Fibre-Based Packaging - EC Pac AB<\/title>\n<meta name=\"robots\" content=\"index, follow, max-snippet:-1, max-image-preview:large, max-video-preview:-1\" \/>\n<link rel=\"canonical\" href=\"https:\/\/ecpac.se\/sv\/fibre-based-packaging\/\" \/>\n<meta property=\"og:locale\" content=\"sv_SE\" \/>\n<meta property=\"og:type\" content=\"article\" \/>\n<meta property=\"og:title\" content=\"Fibre-Based Packaging - EC Pac AB\" \/>\n<meta property=\"og:description\" content=\"Diverse Materials for Tailored Solutions From robust corrugated boards to versatile cardboard and moisture-resistant solid boards, our diverse materials cater to varied product needs, ensuring optimal protection and presentation. Corrugated Board Perfect for protecting your product during transit, corrugated board is both robust and lightweight. Cardboard Ideal for a wide array of products, from foods [&hellip;]\" \/>\n<meta property=\"og:url\" content=\"https:\/\/ecpac.se\/sv\/fibre-based-packaging\/\" \/>\n<meta property=\"og:site_name\" content=\"EC Pac AB\" \/>\n<meta property=\"article:modified_time\" content=\"2023-10-26T07:59:22+00:00\" \/>\n<meta property=\"og:image\" content=\"https:\/\/ecpac.se\/wp-content\/uploads\/2023\/10\/istockphoto-89147749-1024x1024-1.jpg\" \/>\n<meta name=\"twitter:card\" content=\"summary_large_image\" \/>\n<meta name=\"twitter:label1\" content=\"Ber\u00e4knad l\u00e4stid\" \/>\n\t<meta name=\"twitter:data1\" content=\"2 minuter\" \/>\n<script type=\"application\/ld+json\" class=\"yoast-schema-graph\">{\"@context\":\"https:\/\/schema.org\",\"@graph\":[{\"@type\":\"WebPage\",\"@id\":\"https:\/\/ecpac.se\/fibre-based-packaging\/\",\"url\":\"https:\/\/ecpac.se\/fibre-based-packaging\/\",\"name\":\"Fibre-Based Packaging - EC Pac AB\",\"isPartOf\":{\"@id\":\"https:\/\/ecpac.se\/#website\"},\"datePublished\":\"2023-10-10T10:01:29+00:00\",\"dateModified\":\"2023-10-26T07:59:22+00:00\",\"breadcrumb\":{\"@id\":\"https:\/\/ecpac.se\/fibre-based-packaging\/#breadcrumb\"},\"inLanguage\":\"sv-SE\",\"potentialAction\":[{\"@type\":\"ReadAction\",\"target\":[\"https:\/\/ecpac.se\/fibre-based-packaging\/\"]}]},{\"@type\":\"BreadcrumbList\",\"@id\":\"https:\/\/ecpac.se\/fibre-based-packaging\/#breadcrumb\",\"itemListElement\":[{\"@type\":\"ListItem\",\"position\":1,\"name\":\"Home\",\"item\":\"https:\/\/ecpac.se\/\"},{\"@type\":\"ListItem\",\"position\":2,\"name\":\"Fibre-Based Packaging\"}]},{\"@type\":\"WebSite\",\"@id\":\"https:\/\/ecpac.se\/#website\",\"url\":\"https:\/\/ecpac.se\/\",\"name\":\"EC Pac AB\",\"description\":\"Emballagecentralen\",\"publisher\":{\"@id\":\"https:\/\/ecpac.se\/#organization\"},\"potentialAction\":[{\"@type\":\"SearchAction\",\"target\":{\"@type\":\"EntryPoint\",\"urlTemplate\":\"https:\/\/ecpac.se\/?s={search_term_string}\"},\"query-input\":\"required name=search_term_string\"}],\"inLanguage\":\"sv-SE\"},{\"@type\":\"Organization\",\"@id\":\"https:\/\/ecpac.se\/#organization\",\"name\":\"EC Pac AB\",\"url\":\"https:\/\/ecpac.se\/\",\"logo\":{\"@type\":\"ImageObject\",\"inLanguage\":\"sv-SE\",\"@id\":\"https:\/\/ecpac.se\/#\/schema\/logo\/image\/\",\"url\":\"https:\/\/ecpac.se\/wp-content\/uploads\/2023\/08\/EC-pac-logo.png\",\"contentUrl\":\"https:\/\/ecpac.se\/wp-content\/uploads\/2023\/08\/EC-pac-logo.png\",\"width\":3441,\"height\":938,\"caption\":\"EC Pac AB\"},\"image\":{\"@id\":\"https:\/\/ecpac.se\/#\/schema\/logo\/image\/\"}}]}<\/script>\n<!-- \/ Yoast SEO plugin. -->","yoast_head_json":{"title":"Fibre-Based Packaging - EC Pac AB","robots":{"index":"index","follow":"follow","max-snippet":"max-snippet:-1","max-image-preview":"max-image-preview:large","max-video-preview":"max-video-preview:-1"},"canonical":"https:\/\/ecpac.se\/sv\/fibre-based-packaging\/","og_locale":"sv_SE","og_type":"article","og_title":"Fibre-Based Packaging - EC Pac AB","og_description":"Diverse Materials for Tailored Solutions From robust corrugated boards to versatile cardboard and moisture-resistant solid boards, our diverse materials cater to varied product needs, ensuring optimal protection and presentation. Corrugated Board Perfect for protecting your product during transit, corrugated board is both robust and lightweight. Cardboard Ideal for a wide array of products, from foods [&hellip;]","og_url":"https:\/\/ecpac.se\/sv\/fibre-based-packaging\/","og_site_name":"EC Pac AB","article_modified_time":"2023-10-26T07:59:22+00:00","og_image":[{"url":"https:\/\/ecpac.se\/wp-content\/uploads\/2023\/10\/istockphoto-89147749-1024x1024-1.jpg"}],"twitter_card":"summary_large_image","twitter_misc":{"Ber\u00e4knad l\u00e4stid":"2 minuter"},"schema":{"@context":"https:\/\/schema.org","@graph":[{"@type":"WebPage","@id":"https:\/\/ecpac.se\/fibre-based-packaging\/","url":"https:\/\/ecpac.se\/fibre-based-packaging\/","name":"Fibre-Based Packaging - EC Pac AB","isPartOf":{"@id":"https:\/\/ecpac.se\/#website"},"datePublished":"2023-10-10T10:01:29+00:00","dateModified":"2023-10-26T07:59:22+00:00","breadcrumb":{"@id":"https:\/\/ecpac.se\/fibre-based-packaging\/#breadcrumb"},"inLanguage":"sv-SE","potentialAction":[{"@type":"ReadAction","target":["https:\/\/ecpac.se\/fibre-based-packaging\/"]}]},{"@type":"BreadcrumbList","@id":"https:\/\/ecpac.se\/fibre-based-packaging\/#breadcrumb","itemListElement":[{"@type":"ListItem","position":1,"name":"Home","item":"https:\/\/ecpac.se\/"},{"@type":"ListItem","position":2,"name":"Fibre-Based Packaging"}]},{"@type":"WebSite","@id":"https:\/\/ecpac.se\/#website","url":"https:\/\/ecpac.se\/","name":"EC Pac AB","description":"Emballagecentralen","publisher":{"@id":"https:\/\/ecpac.se\/#organization"},"potentialAction":[{"@type":"SearchAction","target":{"@type":"EntryPoint","urlTemplate":"https:\/\/ecpac.se\/?s={search_term_string}"},"query-input":"required name=search_term_string"}],"inLanguage":"sv-SE"},{"@type":"Organization","@id":"https:\/\/ecpac.se\/#organization","name":"EC Pac AB","url":"https:\/\/ecpac.se\/","logo":{"@type":"ImageObject","inLanguage":"sv-SE","@id":"https:\/\/ecpac.se\/#\/schema\/logo\/image\/","url":"https:\/\/ecpac.se\/wp-content\/uploads\/2023\/08\/EC-pac-logo.png","contentUrl":"https:\/\/ecpac.se\/wp-content\/uploads\/2023\/08\/EC-pac-logo.png","width":3441,"height":938,"caption":"EC Pac AB"},"image":{"@id":"https:\/\/ecpac.se\/#\/schema\/logo\/image\/"}}]}},"_links":{"self":[{"href":"https:\/\/ecpac.se\/sv\/wp-json\/wp\/v2\/pages\/182","targetHints":{"allow":["GET"]}}],"collection":[{"href":"https:\/\/ecpac.se\/sv\/wp-json\/wp\/v2\/pages"}],"about":[{"href":"https:\/\/ecpac.se\/sv\/wp-json\/wp\/v2\/types\/page"}],"author":[{"embeddable":true,"href":"https:\/\/ecpac.se\/sv\/wp-json\/wp\/v2\/users\/1"}],"replies":[{"embeddable":true,"href":"https:\/\/ecpac.se\/sv\/wp-json\/wp\/v2\/comments?post=182"}],"version-history":[{"count":5,"href":"https:\/\/ecpac.se\/sv\/wp-json\/wp\/v2\/pages\/182\/revisions"}],"predecessor-version":[{"id":281,"href":"https:\/\/ecpac.se\/sv\/wp-json\/wp\/v2\/pages\/182\/revisions\/281"}],"wp:attachment":[{"href":"https:\/\/ecpac.se\/sv\/wp-json\/wp\/v2\/media?parent=182"}],"curies":[{"name":"wp","href":"https:\/\/api.w.org\/{rel}","templated":true}]}}